{"id":12,"date":"2026-08-25T18:10:52","date_gmt":"2026-08-25T18:10:52","guid":{"rendered":"https:\/\/sobapatadoboi.oeco.org.br\/?page_id=12"},"modified":"2026-09-04T11:50:30","modified_gmt":"2026-09-04T11:50:30","slug":"spb","status":"publish","type":"page","link":"https:\/\/sobapatadoboi.oeco.org.br\/","title":{"rendered":"SPB"},"content":{"rendered":"\n<div class=\"wp-block-group alignfull is-style-section-5 has-global-padding is-layout-constrained wp-block-group-is-layout-constrained is-style-section-5--1\">\n<div class=\"wp-block-cover alignfull is-light\" style=\"padding-top:0;padding-right:0;padding-bottom:0;padding-left:0;min-height:100vh;aspect-ratio:unset;\"><img loading=\"lazy\" decoding=\"async\" width=\"1920\" height=\"1080\" class=\"wp-block-cover__image-background wp-image-13 size-full\" alt=\"\" src=\"https:\/\/sobapatadoboi.oeco.org.br\/wordpress\/wp-content\/uploads\/2026\/08\/SPB-_-Banner-Horizontal.jpg\" data-object-fit=\"cover\" srcset=\"https:\/\/sobapatadoboi.oeco.org.br\/wordpress\/wp-content\/uploads\/2026\/08\/SPB-_-Banner-Horizontal.jpg 1920w, https:\/\/sobapatadoboi.oeco.org.br\/wordpress\/wp-content\/uploads\/2026\/08\/SPB-_-Banner-Horizontal-300x169.jpg 300w, https:\/\/sobapatadoboi.oeco.org.br\/wordpress\/wp-content\/uploads\/2026\/08\/SPB-_-Banner-Horizontal-1024x576.jpg 1024w, https:\/\/sobapatadoboi.oeco.org.br\/wordpress\/wp-content\/uploads\/2026\/08\/SPB-_-Banner-Horizontal-768x432.jpg 768w, https:\/\/sobapatadoboi.oeco.org.br\/wordpress\/wp-content\/uploads\/2026\/08\/SPB-_-Banner-Horizontal-1536x864.jpg 1536w\" sizes=\"auto, (max-width: 1920px) 100vw, 1920px\" \/><span aria-hidden=\"true\" class=\"wp-block-cover__background has-background-dim-0 has-background-dim\" style=\"background-color:#b3b6a0\"><\/span><div class=\"wp-block-cover__inner-container has-global-padding is-layout-constrained wp-container-core-cover-is-layout-4f9c4d34 wp-block-cover-is-layout-constrained\">\n<p class=\"has-text-align-center has-large-font-size wp-block-paragraph\"><\/p>\n<\/div><\/div>\n\n\n\n<p class=\"has-text-align-center is-style-default wp-block-paragraph\" style=\"margin-top:var(--wp--preset--spacing--40);margin-bottom:var(--wp--preset--spacing--40);font-size:clamp(1.25rem, 1.25rem + ((1vw - 0.2rem) * 1.176), 2rem);line-height:1.6\">O document\u00e1rio <strong>Sob a Pata do Boi<\/strong> revela como opera a cadeia da pecu\u00e1ria na Amaz\u00f4nia, principal vetor de desmatamento da maior floresta tropical do mundo.<\/p>\n\n\n\n<figure class=\"wp-block-embed alignwide is-type-video is-provider-youtube wp-block-embed-youtube wp-embed-aspect-16-9 wp-has-aspect-ratio\"><div class=\"wp-block-embed__wrapper\">\n<iframe loading=\"lazy\" title=\"SOB A PATA DO BOI - Trailer\" width=\"500\" height=\"281\" src=\"https:\/\/www.youtube.com\/embed\/fMwfsILKW70?feature=oembed\" frameborder=\"0\" allow=\"accelerometer; autoplay; clipboard-write; encrypted-media; gyroscope; picture-in-picture; web-share\" referrerpolicy=\"strict-origin-when-cross-origin\" allowfullscreen><\/iframe>\n<\/div><\/figure>\n\n\n\n<div class=\"wp-block-columns alignwide pb-5 is-layout-flex wp-container-core-columns-is-layout-54f61c43 wp-block-columns-is-layout-flex\" style=\"margin-top:0;margin-bottom:0;padding-top:var(--wp--preset--spacing--70);padding-bottom:var(--wp--preset--spacing--70)\">\n<div class=\"wp-block-column is-layout-flow wp-block-column-is-layout-flow\">\n<p class=\"wp-block-paragraph\">O document\u00e1rio <strong>Sob a Pata do Boi<\/strong> (2018) \u00e9 fruto de dois anos de investiga\u00e7\u00e3o jornal\u00edstica em campo, com mais de cinquenta horas de entrevistas gravadas em cinco estados do Brasil: Par\u00e1, Mato Grosso, S\u00e3o Paulo, Rio de Janeiro e Bras\u00edlia. <\/p>\n\n\n\n<p class=\"wp-block-paragraph\">O resultado \u00e9 um panorama in\u00e9dito da cadeia da pecu\u00e1ria na Amaz\u00f4nia, trazendo as m\u00faltiplas vis\u00f5es dos atores envolvidos na ind\u00fastria &#8211; dos pequenos produtores em assentamentos rurais aos donos de frigor\u00edficos e pol\u00edticos.<\/p>\n<\/div>\n\n\n\n<div class=\"wp-block-column is-layout-flow wp-block-column-is-layout-flow\">\n<p class=\"wp-block-paragraph\">O Brasil possui o maior rebanho comercial de bois do mundo. Somos o terceiro pa\u00eds no ranking de consumidores de carne.<\/p>\n\n\n\n<p class=\"wp-block-paragraph\">O brasileiro desconhece, no entanto, a origem da carne que produz e consome: 40% dela vem da Amaz\u00f4nia.<\/p>\n\n\n\n<p class=\"wp-block-paragraph\"><strong>Sob a Pata do Boi <\/strong>conta como a pecu\u00e1ria entrou na Amaz\u00f4nia, virou parte da cultura e se tornou seu principal vetor de desmatamento.<\/p>\n<\/div>\n<\/div>\n\n\n\n<div style=\"height:100px\" aria-hidden=\"true\" class=\"wp-block-spacer\"><\/div>\n<\/div>\n\n\n\n<div class=\"wp-block-group alignwide has-global-padding is-layout-constrained wp-block-group-is-layout-constrained\">\n<h2 class=\"wp-block-heading has-text-align-center\" style=\"padding-top:32px;padding-bottom:0px\"><strong>Onde assistir<\/strong><\/h2>\n\n\n\n<div class=\"wp-block-columns alignwide is-layout-flex wp-container-core-columns-is-layout-38bff26a wp-block-columns-is-layout-flex\" style=\"padding-top:0;padding-right:var(--wp--preset--spacing--50);padding-bottom:0;padding-left:var(--wp--preset--spacing--50)\">\n<div class=\"wp-block-column is-layout-flow wp-block-column-is-layout-flow\">\n<figure class=\"wp-block-image aligncenter size-full\"><a href=\"https:\/\/tv.apple.com\/br\/movie\/sob-a-pata-do-boi\/umc.cmc.6or0447adpua281jzoj1hr951\" target=\"_blank\" rel=\" noopener\"><img loading=\"lazy\" decoding=\"async\" width=\"200\" height=\"200\" src=\"https:\/\/sobapatadoboi.oeco.org.br\/wordpress\/wp-content\/uploads\/2026\/09\/apple-tv.png\" alt=\"\" class=\"wp-image-88\" srcset=\"https:\/\/sobapatadoboi.oeco.org.br\/wordpress\/wp-content\/uploads\/2026\/09\/apple-tv.png 200w, https:\/\/sobapatadoboi.oeco.org.br\/wordpress\/wp-content\/uploads\/2026\/09\/apple-tv-150x150.png 150w\" sizes=\"auto, (max-width: 200px) 100vw, 200px\" \/><\/a><\/figure>\n<\/div>\n\n\n\n<div class=\"wp-block-column is-layout-flow wp-block-column-is-layout-flow\">\n<figure class=\"wp-block-image aligncenter size-full\"><a href=\"https:\/\/pluto.tv\/br\/movies\/602428c66a53f7001a3ac0cb\/\" target=\"_blank\" rel=\" noopener\"><img loading=\"lazy\" decoding=\"async\" width=\"200\" height=\"200\" src=\"https:\/\/sobapatadoboi.oeco.org.br\/wordpress\/wp-content\/uploads\/2026\/09\/pluto.png\" alt=\"\" class=\"wp-image-90\" srcset=\"https:\/\/sobapatadoboi.oeco.org.br\/wordpress\/wp-content\/uploads\/2026\/09\/pluto.png 200w, https:\/\/sobapatadoboi.oeco.org.br\/wordpress\/wp-content\/uploads\/2026\/09\/pluto-150x150.png 150w\" sizes=\"auto, (max-width: 200px) 100vw, 200px\" \/><\/a><\/figure>\n<\/div>\n\n\n\n<div class=\"wp-block-column is-layout-flow wp-block-column-is-layout-flow\">\n<figure class=\"wp-block-image aligncenter size-full\"><a href=\"https:\/\/www.sommosamazonia.art.br\/pt\/filme\/sob-a-pata-do-boi\/\" target=\"_blank\" rel=\" noopener\"><img loading=\"lazy\" decoding=\"async\" width=\"200\" height=\"200\" src=\"https:\/\/sobapatadoboi.oeco.org.br\/wordpress\/wp-content\/uploads\/2026\/09\/Sommos-Amazonia.png\" alt=\"\" class=\"wp-image-89\" srcset=\"https:\/\/sobapatadoboi.oeco.org.br\/wordpress\/wp-content\/uploads\/2026\/09\/Sommos-Amazonia.png 200w, https:\/\/sobapatadoboi.oeco.org.br\/wordpress\/wp-content\/uploads\/2026\/09\/Sommos-Amazonia-150x150.png 150w\" sizes=\"auto, (max-width: 200px) 100vw, 200px\" \/><\/a><\/figure>\n<\/div>\n\n\n\n<div class=\"wp-block-column is-layout-flow wp-block-column-is-layout-flow\">\n<figure class=\"wp-block-image size-full\"><img loading=\"lazy\" decoding=\"async\" width=\"200\" height=\"200\" src=\"https:\/\/sobapatadoboi.oeco.org.br\/wordpress\/wp-content\/uploads\/2026\/09\/Ecofalante-play.png\" alt=\"\" class=\"wp-image-87\" srcset=\"https:\/\/sobapatadoboi.oeco.org.br\/wordpress\/wp-content\/uploads\/2026\/09\/Ecofalante-play.png 200w, https:\/\/sobapatadoboi.oeco.org.br\/wordpress\/wp-content\/uploads\/2026\/09\/Ecofalante-play-150x150.png 150w\" sizes=\"auto, (max-width: 200px) 100vw, 200px\" \/><\/figure>\n<\/div>\n<\/div>\n<\/div>\n\n\n\n<div class=\"wp-block-group alignwide has-global-padding is-layout-constrained wp-block-group-is-layout-constrained\">\n<h2 class=\"wp-block-heading has-text-align-center\" style=\"padding-top:32px;padding-bottom:0px\"><strong>Pr\u00eamios e festivais<\/strong><\/h2>\n\n\n\n<div class=\"wp-block-cover alignwide is-light\" style=\"min-height:100vh;aspect-ratio:unset;\"><span aria-hidden=\"true\" class=\"wp-block-cover__background has-base-background-color has-background-dim-100 has-background-dim\"><\/span><div class=\"wp-block-cover__inner-container has-global-padding is-layout-constrained wp-block-cover-is-layout-constrained\">\n<div class=\"wp-block-columns alignwide is-layout-flex wp-container-core-columns-is-layout-38bff26a wp-block-columns-is-layout-flex\" style=\"padding-top:0;padding-right:var(--wp--preset--spacing--50);padding-bottom:0;padding-left:var(--wp--preset--spacing--50)\">\n<div class=\"wp-block-column is-layout-flow wp-block-column-is-layout-flow\">\n<figure class=\"wp-block-image size-large\"><img loading=\"lazy\" decoding=\"async\" width=\"1024\" height=\"680\" src=\"https:\/\/sobapatadoboi.oeco.org.br\/wordpress\/wp-content\/uploads\/2026\/08\/One-Hour-Award-FReDD-Festival-2018--1024x680.png\" alt=\"\" class=\"wp-image-20\" srcset=\"https:\/\/sobapatadoboi.oeco.org.br\/wordpress\/wp-content\/uploads\/2026\/08\/One-Hour-Award-FReDD-Festival-2018--1024x680.png 1024w, https:\/\/sobapatadoboi.oeco.org.br\/wordpress\/wp-content\/uploads\/2026\/08\/One-Hour-Award-FReDD-Festival-2018--300x199.png 300w, https:\/\/sobapatadoboi.oeco.org.br\/wordpress\/wp-content\/uploads\/2026\/08\/One-Hour-Award-FReDD-Festival-2018--768x510.png 768w, https:\/\/sobapatadoboi.oeco.org.br\/wordpress\/wp-content\/uploads\/2026\/08\/One-Hour-Award-FReDD-Festival-2018--1536x1020.png 1536w, https:\/\/sobapatadoboi.oeco.org.br\/wordpress\/wp-content\/uploads\/2026\/08\/One-Hour-Award-FReDD-Festival-2018-.png 1735w\" sizes=\"auto, (max-width: 1024px) 100vw, 1024px\" \/><\/figure>\n\n\n\n<figure class=\"wp-block-image size-large\"><img loading=\"lazy\" decoding=\"async\" width=\"1024\" height=\"680\" src=\"https:\/\/sobapatadoboi.oeco.org.br\/wordpress\/wp-content\/uploads\/2026\/08\/Mejor-Pelcula-Documental-Prmios-Latino-2018--1024x680.png\" alt=\"\" class=\"wp-image-19\" srcset=\"https:\/\/sobapatadoboi.oeco.org.br\/wordpress\/wp-content\/uploads\/2026\/08\/Mejor-Pelcula-Documental-Prmios-Latino-2018--1024x680.png 1024w, https:\/\/sobapatadoboi.oeco.org.br\/wordpress\/wp-content\/uploads\/2026\/08\/Mejor-Pelcula-Documental-Prmios-Latino-2018--300x199.png 300w, https:\/\/sobapatadoboi.oeco.org.br\/wordpress\/wp-content\/uploads\/2026\/08\/Mejor-Pelcula-Documental-Prmios-Latino-2018--768x510.png 768w, https:\/\/sobapatadoboi.oeco.org.br\/wordpress\/wp-content\/uploads\/2026\/08\/Mejor-Pelcula-Documental-Prmios-Latino-2018--1536x1020.png 1536w, https:\/\/sobapatadoboi.oeco.org.br\/wordpress\/wp-content\/uploads\/2026\/08\/Mejor-Pelcula-Documental-Prmios-Latino-2018-.png 1735w\" sizes=\"auto, (max-width: 1024px) 100vw, 1024px\" \/><\/figure>\n<\/div>\n\n\n\n<div class=\"wp-block-column is-layout-flow wp-block-column-is-layout-flow\">\n<figure class=\"wp-block-image size-large\"><img loading=\"lazy\" decoding=\"async\" width=\"1024\" height=\"680\" src=\"https:\/\/sobapatadoboi.oeco.org.br\/wordpress\/wp-content\/uploads\/2026\/08\/Meno-Honrosa-VII-Mostra-Ecofalante-2018--1024x680.png\" alt=\"\" class=\"wp-image-16\" srcset=\"https:\/\/sobapatadoboi.oeco.org.br\/wordpress\/wp-content\/uploads\/2026\/08\/Meno-Honrosa-VII-Mostra-Ecofalante-2018--1024x680.png 1024w, https:\/\/sobapatadoboi.oeco.org.br\/wordpress\/wp-content\/uploads\/2026\/08\/Meno-Honrosa-VII-Mostra-Ecofalante-2018--300x199.png 300w, https:\/\/sobapatadoboi.oeco.org.br\/wordpress\/wp-content\/uploads\/2026\/08\/Meno-Honrosa-VII-Mostra-Ecofalante-2018--768x510.png 768w, https:\/\/sobapatadoboi.oeco.org.br\/wordpress\/wp-content\/uploads\/2026\/08\/Meno-Honrosa-VII-Mostra-Ecofalante-2018--1536x1020.png 1536w, https:\/\/sobapatadoboi.oeco.org.br\/wordpress\/wp-content\/uploads\/2026\/08\/Meno-Honrosa-VII-Mostra-Ecofalante-2018-.png 1735w\" sizes=\"auto, (max-width: 1024px) 100vw, 1024px\" \/><\/figure>\n\n\n\n<figure class=\"wp-block-image size-large\"><img loading=\"lazy\" decoding=\"async\" width=\"1024\" height=\"680\" src=\"https:\/\/sobapatadoboi.oeco.org.br\/wordpress\/wp-content\/uploads\/2026\/08\/Mejor-Pelcula-Social-Prmios-Latino-2018--1024x680.png\" alt=\"\" class=\"wp-image-18\" srcset=\"https:\/\/sobapatadoboi.oeco.org.br\/wordpress\/wp-content\/uploads\/2026\/08\/Mejor-Pelcula-Social-Prmios-Latino-2018--1024x680.png 1024w, https:\/\/sobapatadoboi.oeco.org.br\/wordpress\/wp-content\/uploads\/2026\/08\/Mejor-Pelcula-Social-Prmios-Latino-2018--300x199.png 300w, https:\/\/sobapatadoboi.oeco.org.br\/wordpress\/wp-content\/uploads\/2026\/08\/Mejor-Pelcula-Social-Prmios-Latino-2018--768x510.png 768w, https:\/\/sobapatadoboi.oeco.org.br\/wordpress\/wp-content\/uploads\/2026\/08\/Mejor-Pelcula-Social-Prmios-Latino-2018--1536x1020.png 1536w, https:\/\/sobapatadoboi.oeco.org.br\/wordpress\/wp-content\/uploads\/2026\/08\/Mejor-Pelcula-Social-Prmios-Latino-2018-.png 1735w\" sizes=\"auto, (max-width: 1024px) 100vw, 1024px\" \/><\/figure>\n<\/div>\n\n\n\n<div class=\"wp-block-column is-layout-flow wp-block-column-is-layout-flow\">\n<figure class=\"wp-block-image size-large\"><img loading=\"lazy\" decoding=\"async\" width=\"1024\" height=\"680\" src=\"https:\/\/sobapatadoboi.oeco.org.br\/wordpress\/wp-content\/uploads\/2026\/08\/Melhor-Documentrio-de-Mdia-Durao-FICOCC-2018--1024x680.png\" alt=\"\" class=\"wp-image-15\" srcset=\"https:\/\/sobapatadoboi.oeco.org.br\/wordpress\/wp-content\/uploads\/2026\/08\/Melhor-Documentrio-de-Mdia-Durao-FICOCC-2018--1024x680.png 1024w, https:\/\/sobapatadoboi.oeco.org.br\/wordpress\/wp-content\/uploads\/2026\/08\/Melhor-Documentrio-de-Mdia-Durao-FICOCC-2018--300x199.png 300w, https:\/\/sobapatadoboi.oeco.org.br\/wordpress\/wp-content\/uploads\/2026\/08\/Melhor-Documentrio-de-Mdia-Durao-FICOCC-2018--768x510.png 768w, https:\/\/sobapatadoboi.oeco.org.br\/wordpress\/wp-content\/uploads\/2026\/08\/Melhor-Documentrio-de-Mdia-Durao-FICOCC-2018--1536x1020.png 1536w, https:\/\/sobapatadoboi.oeco.org.br\/wordpress\/wp-content\/uploads\/2026\/08\/Melhor-Documentrio-de-Mdia-Durao-FICOCC-2018-.png 1735w\" sizes=\"auto, (max-width: 1024px) 100vw, 1024px\" \/><\/figure>\n\n\n\n<figure class=\"wp-block-image size-large\"><img loading=\"lazy\" decoding=\"async\" width=\"1024\" height=\"680\" src=\"https:\/\/sobapatadoboi.oeco.org.br\/wordpress\/wp-content\/uploads\/2026\/08\/Mejor-Direccin-Prmios-Latino-2018--1024x680.png\" alt=\"\" class=\"wp-image-17\" srcset=\"https:\/\/sobapatadoboi.oeco.org.br\/wordpress\/wp-content\/uploads\/2026\/08\/Mejor-Direccin-Prmios-Latino-2018--1024x680.png 1024w, https:\/\/sobapatadoboi.oeco.org.br\/wordpress\/wp-content\/uploads\/2026\/08\/Mejor-Direccin-Prmios-Latino-2018--300x199.png 300w, https:\/\/sobapatadoboi.oeco.org.br\/wordpress\/wp-content\/uploads\/2026\/08\/Mejor-Direccin-Prmios-Latino-2018--768x510.png 768w, https:\/\/sobapatadoboi.oeco.org.br\/wordpress\/wp-content\/uploads\/2026\/08\/Mejor-Direccin-Prmios-Latino-2018--1536x1020.png 1536w, https:\/\/sobapatadoboi.oeco.org.br\/wordpress\/wp-content\/uploads\/2026\/08\/Mejor-Direccin-Prmios-Latino-2018-.png 1735w\" sizes=\"auto, (max-width: 1024px) 100vw, 1024px\" \/><\/figure>\n<\/div>\n<\/div>\n\n\n\n<div class=\"wp-block-columns alignwide is-layout-flex wp-container-core-columns-is-layout-794e3cfa wp-block-columns-is-layout-flex\">\n<div class=\"wp-block-column is-layout-flow wp-block-column-is-layout-flow\">\n<figure class=\"wp-block-image size-large\"><img loading=\"lazy\" decoding=\"async\" width=\"1024\" height=\"680\" src=\"https:\/\/sobapatadoboi.oeco.org.br\/wordpress\/wp-content\/uploads\/2026\/08\/Seleo-Oficial-Festival-Alimenterre-2018-1024x680.png\" alt=\"\" class=\"wp-image-21\" srcset=\"https:\/\/sobapatadoboi.oeco.org.br\/wordpress\/wp-content\/uploads\/2026\/08\/Seleo-Oficial-Festival-Alimenterre-2018-1024x680.png 1024w, https:\/\/sobapatadoboi.oeco.org.br\/wordpress\/wp-content\/uploads\/2026\/08\/Seleo-Oficial-Festival-Alimenterre-2018-300x199.png 300w, https:\/\/sobapatadoboi.oeco.org.br\/wordpress\/wp-content\/uploads\/2026\/08\/Seleo-Oficial-Festival-Alimenterre-2018-768x510.png 768w, https:\/\/sobapatadoboi.oeco.org.br\/wordpress\/wp-content\/uploads\/2026\/08\/Seleo-Oficial-Festival-Alimenterre-2018-1536x1020.png 1536w, https:\/\/sobapatadoboi.oeco.org.br\/wordpress\/wp-content\/uploads\/2026\/08\/Seleo-Oficial-Festival-Alimenterre-2018.png 1735w\" sizes=\"auto, (max-width: 1024px) 100vw, 1024px\" \/><\/figure>\n\n\n\n<figure class=\"wp-block-image size-large\"><img loading=\"lazy\" decoding=\"async\" width=\"1024\" height=\"680\" src=\"https:\/\/sobapatadoboi.oeco.org.br\/wordpress\/wp-content\/uploads\/2026\/08\/Seleo-Oficial-Festival-du-Film-Vert-2018-1024x680.png\" alt=\"\" class=\"wp-image-33\" srcset=\"https:\/\/sobapatadoboi.oeco.org.br\/wordpress\/wp-content\/uploads\/2026\/08\/Seleo-Oficial-Festival-du-Film-Vert-2018-1024x680.png 1024w, https:\/\/sobapatadoboi.oeco.org.br\/wordpress\/wp-content\/uploads\/2026\/08\/Seleo-Oficial-Festival-du-Film-Vert-2018-300x199.png 300w, https:\/\/sobapatadoboi.oeco.org.br\/wordpress\/wp-content\/uploads\/2026\/08\/Seleo-Oficial-Festival-du-Film-Vert-2018-768x510.png 768w, https:\/\/sobapatadoboi.oeco.org.br\/wordpress\/wp-content\/uploads\/2026\/08\/Seleo-Oficial-Festival-du-Film-Vert-2018-1536x1020.png 1536w, https:\/\/sobapatadoboi.oeco.org.br\/wordpress\/wp-content\/uploads\/2026\/08\/Seleo-Oficial-Festival-du-Film-Vert-2018.png 1735w\" sizes=\"auto, (max-width: 1024px) 100vw, 1024px\" \/><\/figure>\n\n\n\n<figure class=\"wp-block-image size-large\"><img loading=\"lazy\" decoding=\"async\" width=\"1024\" height=\"680\" src=\"https:\/\/sobapatadoboi.oeco.org.br\/wordpress\/wp-content\/uploads\/2026\/08\/Seleo-Oficial-Festival-de-Cinema-de-Alter-do-Cho-2019-1024x680.png\" alt=\"\" class=\"wp-image-39\" srcset=\"https:\/\/sobapatadoboi.oeco.org.br\/wordpress\/wp-content\/uploads\/2026\/08\/Seleo-Oficial-Festival-de-Cinema-de-Alter-do-Cho-2019-1024x680.png 1024w, https:\/\/sobapatadoboi.oeco.org.br\/wordpress\/wp-content\/uploads\/2026\/08\/Seleo-Oficial-Festival-de-Cinema-de-Alter-do-Cho-2019-300x199.png 300w, https:\/\/sobapatadoboi.oeco.org.br\/wordpress\/wp-content\/uploads\/2026\/08\/Seleo-Oficial-Festival-de-Cinema-de-Alter-do-Cho-2019-768x510.png 768w, https:\/\/sobapatadoboi.oeco.org.br\/wordpress\/wp-content\/uploads\/2026\/08\/Seleo-Oficial-Festival-de-Cinema-de-Alter-do-Cho-2019-1536x1020.png 1536w, https:\/\/sobapatadoboi.oeco.org.br\/wordpress\/wp-content\/uploads\/2026\/08\/Seleo-Oficial-Festival-de-Cinema-de-Alter-do-Cho-2019.png 1735w\" sizes=\"auto, (max-width: 1024px) 100vw, 1024px\" \/><\/figure>\n\n\n\n<figure class=\"wp-block-image size-large\"><img loading=\"lazy\" decoding=\"async\" width=\"1024\" height=\"680\" src=\"https:\/\/sobapatadoboi.oeco.org.br\/wordpress\/wp-content\/uploads\/2026\/08\/Seleo-Oficial-Bifed-2020-1024x680.png\" alt=\"\" class=\"wp-image-47\" srcset=\"https:\/\/sobapatadoboi.oeco.org.br\/wordpress\/wp-content\/uploads\/2026\/08\/Seleo-Oficial-Bifed-2020-1024x680.png 1024w, https:\/\/sobapatadoboi.oeco.org.br\/wordpress\/wp-content\/uploads\/2026\/08\/Seleo-Oficial-Bifed-2020-300x199.png 300w, https:\/\/sobapatadoboi.oeco.org.br\/wordpress\/wp-content\/uploads\/2026\/08\/Seleo-Oficial-Bifed-2020-768x510.png 768w, https:\/\/sobapatadoboi.oeco.org.br\/wordpress\/wp-content\/uploads\/2026\/08\/Seleo-Oficial-Bifed-2020-1536x1020.png 1536w, https:\/\/sobapatadoboi.oeco.org.br\/wordpress\/wp-content\/uploads\/2026\/08\/Seleo-Oficial-Bifed-2020.png 1735w\" sizes=\"auto, (max-width: 1024px) 100vw, 1024px\" \/><\/figure>\n<\/div>\n\n\n\n<div class=\"wp-block-column is-layout-flow wp-block-column-is-layout-flow\">\n<figure class=\"wp-block-image size-large\"><img loading=\"lazy\" decoding=\"async\" width=\"1024\" height=\"680\" src=\"https:\/\/sobapatadoboi.oeco.org.br\/wordpress\/wp-content\/uploads\/2026\/08\/Seleo-Oficial-Matsalu-Nature-Film-Festival-2018-1024x680.png\" alt=\"\" class=\"wp-image-22\" srcset=\"https:\/\/sobapatadoboi.oeco.org.br\/wordpress\/wp-content\/uploads\/2026\/08\/Seleo-Oficial-Matsalu-Nature-Film-Festival-2018-1024x680.png 1024w, https:\/\/sobapatadoboi.oeco.org.br\/wordpress\/wp-content\/uploads\/2026\/08\/Seleo-Oficial-Matsalu-Nature-Film-Festival-2018-300x199.png 300w, https:\/\/sobapatadoboi.oeco.org.br\/wordpress\/wp-content\/uploads\/2026\/08\/Seleo-Oficial-Matsalu-Nature-Film-Festival-2018-768x510.png 768w, https:\/\/sobapatadoboi.oeco.org.br\/wordpress\/wp-content\/uploads\/2026\/08\/Seleo-Oficial-Matsalu-Nature-Film-Festival-2018-1536x1020.png 1536w, https:\/\/sobapatadoboi.oeco.org.br\/wordpress\/wp-content\/uploads\/2026\/08\/Seleo-Oficial-Matsalu-Nature-Film-Festival-2018.png 1735w\" sizes=\"auto, (max-width: 1024px) 100vw, 1024px\" \/><\/figure>\n\n\n\n<figure class=\"wp-block-image size-large\"><img loading=\"lazy\" decoding=\"async\" width=\"1024\" height=\"680\" src=\"https:\/\/sobapatadoboi.oeco.org.br\/wordpress\/wp-content\/uploads\/2026\/08\/Seleo-Oficial-Fricine-2018-1024x680.png\" alt=\"\" class=\"wp-image-32\" srcset=\"https:\/\/sobapatadoboi.oeco.org.br\/wordpress\/wp-content\/uploads\/2026\/08\/Seleo-Oficial-Fricine-2018-1024x680.png 1024w, https:\/\/sobapatadoboi.oeco.org.br\/wordpress\/wp-content\/uploads\/2026\/08\/Seleo-Oficial-Fricine-2018-300x199.png 300w, https:\/\/sobapatadoboi.oeco.org.br\/wordpress\/wp-content\/uploads\/2026\/08\/Seleo-Oficial-Fricine-2018-768x510.png 768w, https:\/\/sobapatadoboi.oeco.org.br\/wordpress\/wp-content\/uploads\/2026\/08\/Seleo-Oficial-Fricine-2018-1536x1020.png 1536w, https:\/\/sobapatadoboi.oeco.org.br\/wordpress\/wp-content\/uploads\/2026\/08\/Seleo-Oficial-Fricine-2018.png 1735w\" sizes=\"auto, (max-width: 1024px) 100vw, 1024px\" \/><\/figure>\n\n\n\n<figure class=\"wp-block-image size-large\"><img loading=\"lazy\" decoding=\"async\" width=\"1024\" height=\"680\" src=\"https:\/\/sobapatadoboi.oeco.org.br\/wordpress\/wp-content\/uploads\/2026\/08\/Seleo-Oficial-Green-Screen-Environmental-Film-Festival-2019-1024x680.png\" alt=\"\" class=\"wp-image-38\" srcset=\"https:\/\/sobapatadoboi.oeco.org.br\/wordpress\/wp-content\/uploads\/2026\/08\/Seleo-Oficial-Green-Screen-Environmental-Film-Festival-2019-1024x680.png 1024w, https:\/\/sobapatadoboi.oeco.org.br\/wordpress\/wp-content\/uploads\/2026\/08\/Seleo-Oficial-Green-Screen-Environmental-Film-Festival-2019-300x199.png 300w, https:\/\/sobapatadoboi.oeco.org.br\/wordpress\/wp-content\/uploads\/2026\/08\/Seleo-Oficial-Green-Screen-Environmental-Film-Festival-2019-768x510.png 768w, https:\/\/sobapatadoboi.oeco.org.br\/wordpress\/wp-content\/uploads\/2026\/08\/Seleo-Oficial-Green-Screen-Environmental-Film-Festival-2019-1536x1020.png 1536w, https:\/\/sobapatadoboi.oeco.org.br\/wordpress\/wp-content\/uploads\/2026\/08\/Seleo-Oficial-Green-Screen-Environmental-Film-Festival-2019.png 1735w\" sizes=\"auto, (max-width: 1024px) 100vw, 1024px\" \/><\/figure>\n\n\n\n<figure class=\"wp-block-image size-large\"><img loading=\"lazy\" decoding=\"async\" width=\"1024\" height=\"680\" src=\"https:\/\/sobapatadoboi.oeco.org.br\/wordpress\/wp-content\/uploads\/2026\/08\/Seleo-Oficial-XVII-Cineamaznia-2020-1024x680.png\" alt=\"\" class=\"wp-image-46\" srcset=\"https:\/\/sobapatadoboi.oeco.org.br\/wordpress\/wp-content\/uploads\/2026\/08\/Seleo-Oficial-XVII-Cineamaznia-2020-1024x680.png 1024w, https:\/\/sobapatadoboi.oeco.org.br\/wordpress\/wp-content\/uploads\/2026\/08\/Seleo-Oficial-XVII-Cineamaznia-2020-300x199.png 300w, https:\/\/sobapatadoboi.oeco.org.br\/wordpress\/wp-content\/uploads\/2026\/08\/Seleo-Oficial-XVII-Cineamaznia-2020-768x510.png 768w, https:\/\/sobapatadoboi.oeco.org.br\/wordpress\/wp-content\/uploads\/2026\/08\/Seleo-Oficial-XVII-Cineamaznia-2020-1536x1020.png 1536w, https:\/\/sobapatadoboi.oeco.org.br\/wordpress\/wp-content\/uploads\/2026\/08\/Seleo-Oficial-XVII-Cineamaznia-2020.png 1735w\" sizes=\"auto, (max-width: 1024px) 100vw, 1024px\" \/><\/figure>\n<\/div>\n\n\n\n<div class=\"wp-block-column is-layout-flow wp-block-column-is-layout-flow\">\n<figure class=\"wp-block-image size-large\"><img loading=\"lazy\" decoding=\"async\" width=\"1024\" height=\"680\" src=\"https:\/\/sobapatadoboi.oeco.org.br\/wordpress\/wp-content\/uploads\/2026\/08\/Seleo-Oficial-IV-International-Nature-Film-Festival-2018-1024x680.png\" alt=\"\" class=\"wp-image-23\" srcset=\"https:\/\/sobapatadoboi.oeco.org.br\/wordpress\/wp-content\/uploads\/2026\/08\/Seleo-Oficial-IV-International-Nature-Film-Festival-2018-1024x680.png 1024w, https:\/\/sobapatadoboi.oeco.org.br\/wordpress\/wp-content\/uploads\/2026\/08\/Seleo-Oficial-IV-International-Nature-Film-Festival-2018-300x199.png 300w, https:\/\/sobapatadoboi.oeco.org.br\/wordpress\/wp-content\/uploads\/2026\/08\/Seleo-Oficial-IV-International-Nature-Film-Festival-2018-768x510.png 768w, https:\/\/sobapatadoboi.oeco.org.br\/wordpress\/wp-content\/uploads\/2026\/08\/Seleo-Oficial-IV-International-Nature-Film-Festival-2018-1536x1020.png 1536w, https:\/\/sobapatadoboi.oeco.org.br\/wordpress\/wp-content\/uploads\/2026\/08\/Seleo-Oficial-IV-International-Nature-Film-Festival-2018.png 1735w\" sizes=\"auto, (max-width: 1024px) 100vw, 1024px\" \/><\/figure>\n\n\n\n<figure class=\"wp-block-image size-large\"><img loading=\"lazy\" decoding=\"async\" width=\"1024\" height=\"680\" src=\"https:\/\/sobapatadoboi.oeco.org.br\/wordpress\/wp-content\/uploads\/2026\/08\/Seleo-Oficial-East-x-Northeast-2019-1024x680.png\" alt=\"\" class=\"wp-image-31\" srcset=\"https:\/\/sobapatadoboi.oeco.org.br\/wordpress\/wp-content\/uploads\/2026\/08\/Seleo-Oficial-East-x-Northeast-2019-1024x680.png 1024w, https:\/\/sobapatadoboi.oeco.org.br\/wordpress\/wp-content\/uploads\/2026\/08\/Seleo-Oficial-East-x-Northeast-2019-300x199.png 300w, https:\/\/sobapatadoboi.oeco.org.br\/wordpress\/wp-content\/uploads\/2026\/08\/Seleo-Oficial-East-x-Northeast-2019-768x510.png 768w, https:\/\/sobapatadoboi.oeco.org.br\/wordpress\/wp-content\/uploads\/2026\/08\/Seleo-Oficial-East-x-Northeast-2019-1536x1020.png 1536w, https:\/\/sobapatadoboi.oeco.org.br\/wordpress\/wp-content\/uploads\/2026\/08\/Seleo-Oficial-East-x-Northeast-2019.png 1735w\" sizes=\"auto, (max-width: 1024px) 100vw, 1024px\" \/><\/figure>\n\n\n\n<figure class=\"wp-block-image size-large\"><img loading=\"lazy\" decoding=\"async\" width=\"1024\" height=\"680\" src=\"https:\/\/sobapatadoboi.oeco.org.br\/wordpress\/wp-content\/uploads\/2026\/08\/Seleo-Oficial-International-Ecological-Film-Festival-TO-SAVE-AND-PRESERVE-2018-1024x680.png\" alt=\"\" class=\"wp-image-37\" srcset=\"https:\/\/sobapatadoboi.oeco.org.br\/wordpress\/wp-content\/uploads\/2026\/08\/Seleo-Oficial-International-Ecological-Film-Festival-TO-SAVE-AND-PRESERVE-2018-1024x680.png 1024w, https:\/\/sobapatadoboi.oeco.org.br\/wordpress\/wp-content\/uploads\/2026\/08\/Seleo-Oficial-International-Ecological-Film-Festival-TO-SAVE-AND-PRESERVE-2018-300x199.png 300w, https:\/\/sobapatadoboi.oeco.org.br\/wordpress\/wp-content\/uploads\/2026\/08\/Seleo-Oficial-International-Ecological-Film-Festival-TO-SAVE-AND-PRESERVE-2018-768x510.png 768w, https:\/\/sobapatadoboi.oeco.org.br\/wordpress\/wp-content\/uploads\/2026\/08\/Seleo-Oficial-International-Ecological-Film-Festival-TO-SAVE-AND-PRESERVE-2018-1536x1020.png 1536w, https:\/\/sobapatadoboi.oeco.org.br\/wordpress\/wp-content\/uploads\/2026\/08\/Seleo-Oficial-International-Ecological-Film-Festival-TO-SAVE-AND-PRESERVE-2018.png 1735w\" sizes=\"auto, (max-width: 1024px) 100vw, 1024px\" \/><\/figure>\n\n\n\n<figure class=\"wp-block-image size-large\"><img loading=\"lazy\" decoding=\"async\" width=\"1024\" height=\"680\" src=\"https:\/\/sobapatadoboi.oeco.org.br\/wordpress\/wp-content\/uploads\/2026\/08\/Seleo-Oficial-Festival-Audiovisual-Ambiental-y-de-Montana-de-Patagonia-Sur-2020-1024x680.png\" alt=\"\" class=\"wp-image-45\" srcset=\"https:\/\/sobapatadoboi.oeco.org.br\/wordpress\/wp-content\/uploads\/2026\/08\/Seleo-Oficial-Festival-Audiovisual-Ambiental-y-de-Montana-de-Patagonia-Sur-2020-1024x680.png 1024w, https:\/\/sobapatadoboi.oeco.org.br\/wordpress\/wp-content\/uploads\/2026\/08\/Seleo-Oficial-Festival-Audiovisual-Ambiental-y-de-Montana-de-Patagonia-Sur-2020-300x199.png 300w, https:\/\/sobapatadoboi.oeco.org.br\/wordpress\/wp-content\/uploads\/2026\/08\/Seleo-Oficial-Festival-Audiovisual-Ambiental-y-de-Montana-de-Patagonia-Sur-2020-768x510.png 768w, https:\/\/sobapatadoboi.oeco.org.br\/wordpress\/wp-content\/uploads\/2026\/08\/Seleo-Oficial-Festival-Audiovisual-Ambiental-y-de-Montana-de-Patagonia-Sur-2020-1536x1020.png 1536w, https:\/\/sobapatadoboi.oeco.org.br\/wordpress\/wp-content\/uploads\/2026\/08\/Seleo-Oficial-Festival-Audiovisual-Ambiental-y-de-Montana-de-Patagonia-Sur-2020.png 1735w\" sizes=\"auto, (max-width: 1024px) 100vw, 1024px\" \/><\/figure>\n<\/div>\n\n\n\n<div class=\"wp-block-column is-layout-flow wp-block-column-is-layout-flow\">\n<figure class=\"wp-block-image size-large\"><img loading=\"lazy\" decoding=\"async\" width=\"1024\" height=\"680\" src=\"https:\/\/sobapatadoboi.oeco.org.br\/wordpress\/wp-content\/uploads\/2026\/08\/Seleo-Oficial-Green-Screen-Festival-2018-1024x680.png\" alt=\"\" class=\"wp-image-24\" srcset=\"https:\/\/sobapatadoboi.oeco.org.br\/wordpress\/wp-content\/uploads\/2026\/08\/Seleo-Oficial-Green-Screen-Festival-2018-1024x680.png 1024w, https:\/\/sobapatadoboi.oeco.org.br\/wordpress\/wp-content\/uploads\/2026\/08\/Seleo-Oficial-Green-Screen-Festival-2018-300x199.png 300w, https:\/\/sobapatadoboi.oeco.org.br\/wordpress\/wp-content\/uploads\/2026\/08\/Seleo-Oficial-Green-Screen-Festival-2018-768x510.png 768w, https:\/\/sobapatadoboi.oeco.org.br\/wordpress\/wp-content\/uploads\/2026\/08\/Seleo-Oficial-Green-Screen-Festival-2018-1536x1020.png 1536w, https:\/\/sobapatadoboi.oeco.org.br\/wordpress\/wp-content\/uploads\/2026\/08\/Seleo-Oficial-Green-Screen-Festival-2018.png 1735w\" sizes=\"auto, (max-width: 1024px) 100vw, 1024px\" \/><\/figure>\n\n\n\n<figure class=\"wp-block-image size-large\"><img loading=\"lazy\" decoding=\"async\" width=\"1024\" height=\"680\" src=\"https:\/\/sobapatadoboi.oeco.org.br\/wordpress\/wp-content\/uploads\/2026\/08\/Seleo-Oficial-FICASC-2019-1024x680.png\" alt=\"\" class=\"wp-image-30\" srcset=\"https:\/\/sobapatadoboi.oeco.org.br\/wordpress\/wp-content\/uploads\/2026\/08\/Seleo-Oficial-FICASC-2019-1024x680.png 1024w, https:\/\/sobapatadoboi.oeco.org.br\/wordpress\/wp-content\/uploads\/2026\/08\/Seleo-Oficial-FICASC-2019-300x199.png 300w, https:\/\/sobapatadoboi.oeco.org.br\/wordpress\/wp-content\/uploads\/2026\/08\/Seleo-Oficial-FICASC-2019-768x510.png 768w, https:\/\/sobapatadoboi.oeco.org.br\/wordpress\/wp-content\/uploads\/2026\/08\/Seleo-Oficial-FICASC-2019-1536x1020.png 1536w, https:\/\/sobapatadoboi.oeco.org.br\/wordpress\/wp-content\/uploads\/2026\/08\/Seleo-Oficial-FICASC-2019.png 1735w\" sizes=\"auto, (max-width: 1024px) 100vw, 1024px\" \/><\/figure>\n\n\n\n<figure class=\"wp-block-image size-large\"><img loading=\"lazy\" decoding=\"async\" width=\"1024\" height=\"680\" src=\"https:\/\/sobapatadoboi.oeco.org.br\/wordpress\/wp-content\/uploads\/2026\/08\/Seleo-Oficial-FINCA-2020-1024x680.png\" alt=\"\" class=\"wp-image-36\" srcset=\"https:\/\/sobapatadoboi.oeco.org.br\/wordpress\/wp-content\/uploads\/2026\/08\/Seleo-Oficial-FINCA-2020-1024x680.png 1024w, https:\/\/sobapatadoboi.oeco.org.br\/wordpress\/wp-content\/uploads\/2026\/08\/Seleo-Oficial-FINCA-2020-300x199.png 300w, https:\/\/sobapatadoboi.oeco.org.br\/wordpress\/wp-content\/uploads\/2026\/08\/Seleo-Oficial-FINCA-2020-768x510.png 768w, https:\/\/sobapatadoboi.oeco.org.br\/wordpress\/wp-content\/uploads\/2026\/08\/Seleo-Oficial-FINCA-2020-1536x1020.png 1536w, https:\/\/sobapatadoboi.oeco.org.br\/wordpress\/wp-content\/uploads\/2026\/08\/Seleo-Oficial-FINCA-2020.png 1735w\" sizes=\"auto, (max-width: 1024px) 100vw, 1024px\" \/><\/figure>\n\n\n\n<figure class=\"wp-block-image size-large\"><img loading=\"lazy\" decoding=\"async\" width=\"1024\" height=\"680\" src=\"https:\/\/sobapatadoboi.oeco.org.br\/wordpress\/wp-content\/uploads\/2026\/08\/Seleo-Oficial-El-Cine-Suma-Paz-2021-1024x680.png\" alt=\"\" class=\"wp-image-44\" srcset=\"https:\/\/sobapatadoboi.oeco.org.br\/wordpress\/wp-content\/uploads\/2026\/08\/Seleo-Oficial-El-Cine-Suma-Paz-2021-1024x680.png 1024w, https:\/\/sobapatadoboi.oeco.org.br\/wordpress\/wp-content\/uploads\/2026\/08\/Seleo-Oficial-El-Cine-Suma-Paz-2021-300x199.png 300w, https:\/\/sobapatadoboi.oeco.org.br\/wordpress\/wp-content\/uploads\/2026\/08\/Seleo-Oficial-El-Cine-Suma-Paz-2021-768x510.png 768w, https:\/\/sobapatadoboi.oeco.org.br\/wordpress\/wp-content\/uploads\/2026\/08\/Seleo-Oficial-El-Cine-Suma-Paz-2021-1536x1020.png 1536w, https:\/\/sobapatadoboi.oeco.org.br\/wordpress\/wp-content\/uploads\/2026\/08\/Seleo-Oficial-El-Cine-Suma-Paz-2021.png 1735w\" sizes=\"auto, (max-width: 1024px) 100vw, 1024px\" \/><\/figure>\n<\/div>\n\n\n\n<div class=\"wp-block-column is-layout-flow wp-block-column-is-layout-flow\">\n<figure class=\"wp-block-image size-large\"><img loading=\"lazy\" decoding=\"async\" width=\"1024\" height=\"680\" src=\"https:\/\/sobapatadoboi.oeco.org.br\/wordpress\/wp-content\/uploads\/2026\/08\/Seleo-Oficial-45th-Ekotopfilm-2018-1024x680.png\" alt=\"\" class=\"wp-image-25\" srcset=\"https:\/\/sobapatadoboi.oeco.org.br\/wordpress\/wp-content\/uploads\/2026\/08\/Seleo-Oficial-45th-Ekotopfilm-2018-1024x680.png 1024w, https:\/\/sobapatadoboi.oeco.org.br\/wordpress\/wp-content\/uploads\/2026\/08\/Seleo-Oficial-45th-Ekotopfilm-2018-300x199.png 300w, https:\/\/sobapatadoboi.oeco.org.br\/wordpress\/wp-content\/uploads\/2026\/08\/Seleo-Oficial-45th-Ekotopfilm-2018-768x510.png 768w, https:\/\/sobapatadoboi.oeco.org.br\/wordpress\/wp-content\/uploads\/2026\/08\/Seleo-Oficial-45th-Ekotopfilm-2018-1536x1020.png 1536w, https:\/\/sobapatadoboi.oeco.org.br\/wordpress\/wp-content\/uploads\/2026\/08\/Seleo-Oficial-45th-Ekotopfilm-2018.png 1735w\" sizes=\"auto, (max-width: 1024px) 100vw, 1024px\" \/><\/figure>\n\n\n\n<figure class=\"wp-block-image size-large\"><img loading=\"lazy\" decoding=\"async\" width=\"1024\" height=\"680\" src=\"https:\/\/sobapatadoboi.oeco.org.br\/wordpress\/wp-content\/uploads\/2026\/08\/Seleo-Oficial-Planeta.Doc-2019-1024x680.png\" alt=\"\" class=\"wp-image-29\" srcset=\"https:\/\/sobapatadoboi.oeco.org.br\/wordpress\/wp-content\/uploads\/2026\/08\/Seleo-Oficial-Planeta.Doc-2019-1024x680.png 1024w, https:\/\/sobapatadoboi.oeco.org.br\/wordpress\/wp-content\/uploads\/2026\/08\/Seleo-Oficial-Planeta.Doc-2019-300x199.png 300w, https:\/\/sobapatadoboi.oeco.org.br\/wordpress\/wp-content\/uploads\/2026\/08\/Seleo-Oficial-Planeta.Doc-2019-768x510.png 768w, https:\/\/sobapatadoboi.oeco.org.br\/wordpress\/wp-content\/uploads\/2026\/08\/Seleo-Oficial-Planeta.Doc-2019-1536x1020.png 1536w, https:\/\/sobapatadoboi.oeco.org.br\/wordpress\/wp-content\/uploads\/2026\/08\/Seleo-Oficial-Planeta.Doc-2019.png 1735w\" sizes=\"auto, (max-width: 1024px) 100vw, 1024px\" \/><\/figure>\n\n\n\n<figure class=\"wp-block-image size-large\"><img loading=\"lazy\" decoding=\"async\" width=\"1024\" height=\"680\" src=\"https:\/\/sobapatadoboi.oeco.org.br\/wordpress\/wp-content\/uploads\/2026\/08\/Seleo-Oficial-16th-INKAFEST-film-festival-2020-1024x680.png\" alt=\"\" class=\"wp-image-35\" srcset=\"https:\/\/sobapatadoboi.oeco.org.br\/wordpress\/wp-content\/uploads\/2026\/08\/Seleo-Oficial-16th-INKAFEST-film-festival-2020-1024x680.png 1024w, https:\/\/sobapatadoboi.oeco.org.br\/wordpress\/wp-content\/uploads\/2026\/08\/Seleo-Oficial-16th-INKAFEST-film-festival-2020-300x199.png 300w, https:\/\/sobapatadoboi.oeco.org.br\/wordpress\/wp-content\/uploads\/2026\/08\/Seleo-Oficial-16th-INKAFEST-film-festival-2020-768x510.png 768w, https:\/\/sobapatadoboi.oeco.org.br\/wordpress\/wp-content\/uploads\/2026\/08\/Seleo-Oficial-16th-INKAFEST-film-festival-2020-1536x1020.png 1536w, https:\/\/sobapatadoboi.oeco.org.br\/wordpress\/wp-content\/uploads\/2026\/08\/Seleo-Oficial-16th-INKAFEST-film-festival-2020.png 1735w\" sizes=\"auto, (max-width: 1024px) 100vw, 1024px\" \/><\/figure>\n\n\n\n<figure class=\"wp-block-image size-large\"><img loading=\"lazy\" decoding=\"async\" width=\"1024\" height=\"680\" src=\"https:\/\/sobapatadoboi.oeco.org.br\/wordpress\/wp-content\/uploads\/2026\/08\/Seleo-Oficial-EcoBrasil-Festival-de-Arte-e-Cinema-Ambiental-2021-1024x680.png\" alt=\"\" class=\"wp-image-43\" srcset=\"https:\/\/sobapatadoboi.oeco.org.br\/wordpress\/wp-content\/uploads\/2026\/08\/Seleo-Oficial-EcoBrasil-Festival-de-Arte-e-Cinema-Ambiental-2021-1024x680.png 1024w, https:\/\/sobapatadoboi.oeco.org.br\/wordpress\/wp-content\/uploads\/2026\/08\/Seleo-Oficial-EcoBrasil-Festival-de-Arte-e-Cinema-Ambiental-2021-300x199.png 300w, https:\/\/sobapatadoboi.oeco.org.br\/wordpress\/wp-content\/uploads\/2026\/08\/Seleo-Oficial-EcoBrasil-Festival-de-Arte-e-Cinema-Ambiental-2021-768x510.png 768w, https:\/\/sobapatadoboi.oeco.org.br\/wordpress\/wp-content\/uploads\/2026\/08\/Seleo-Oficial-EcoBrasil-Festival-de-Arte-e-Cinema-Ambiental-2021-1536x1020.png 1536w, https:\/\/sobapatadoboi.oeco.org.br\/wordpress\/wp-content\/uploads\/2026\/08\/Seleo-Oficial-EcoBrasil-Festival-de-Arte-e-Cinema-Ambiental-2021.png 1735w\" sizes=\"auto, (max-width: 1024px) 100vw, 1024px\" \/><\/figure>\n<\/div>\n<\/div>\n<\/div><\/div>\n\n\n\n<div class=\"wp-block-columns alignwide is-layout-flex wp-container-core-columns-is-layout-794e3cfa wp-block-columns-is-layout-flex\">\n<div class=\"wp-block-column is-layout-flow wp-block-column-is-layout-flow\"><\/div>\n\n\n\n<div class=\"wp-block-column is-layout-flow wp-block-column-is-layout-flow\">\n<figure class=\"wp-block-image size-large\"><img loading=\"lazy\" decoding=\"async\" width=\"1024\" height=\"680\" src=\"https:\/\/sobapatadoboi.oeco.org.br\/wordpress\/wp-content\/uploads\/2026\/08\/Seleo-Oficial-SARANCINE-2022-1024x680.png\" alt=\"\" class=\"wp-image-42\" srcset=\"https:\/\/sobapatadoboi.oeco.org.br\/wordpress\/wp-content\/uploads\/2026\/08\/Seleo-Oficial-SARANCINE-2022-1024x680.png 1024w, https:\/\/sobapatadoboi.oeco.org.br\/wordpress\/wp-content\/uploads\/2026\/08\/Seleo-Oficial-SARANCINE-2022-300x199.png 300w, https:\/\/sobapatadoboi.oeco.org.br\/wordpress\/wp-content\/uploads\/2026\/08\/Seleo-Oficial-SARANCINE-2022-768x510.png 768w, https:\/\/sobapatadoboi.oeco.org.br\/wordpress\/wp-content\/uploads\/2026\/08\/Seleo-Oficial-SARANCINE-2022-1536x1020.png 1536w, https:\/\/sobapatadoboi.oeco.org.br\/wordpress\/wp-content\/uploads\/2026\/08\/Seleo-Oficial-SARANCINE-2022.png 1735w\" sizes=\"auto, (max-width: 1024px) 100vw, 1024px\" \/><\/figure>\n<\/div>\n\n\n\n<div class=\"wp-block-column is-layout-flow wp-block-column-is-layout-flow\"><\/div>\n\n\n\n<div class=\"wp-block-column is-layout-flow wp-block-column-is-layout-flow\">\n<figure class=\"wp-block-image size-large\"><img loading=\"lazy\" decoding=\"async\" width=\"1024\" height=\"680\" src=\"https:\/\/sobapatadoboi.oeco.org.br\/wordpress\/wp-content\/uploads\/2026\/08\/Seleo-Oficial-10-Festival-Arquivo-em-Cartaz-2025-1024x680.png\" alt=\"\" class=\"wp-image-41\" srcset=\"https:\/\/sobapatadoboi.oeco.org.br\/wordpress\/wp-content\/uploads\/2026\/08\/Seleo-Oficial-10-Festival-Arquivo-em-Cartaz-2025-1024x680.png 1024w, https:\/\/sobapatadoboi.oeco.org.br\/wordpress\/wp-content\/uploads\/2026\/08\/Seleo-Oficial-10-Festival-Arquivo-em-Cartaz-2025-300x199.png 300w, https:\/\/sobapatadoboi.oeco.org.br\/wordpress\/wp-content\/uploads\/2026\/08\/Seleo-Oficial-10-Festival-Arquivo-em-Cartaz-2025-768x510.png 768w, https:\/\/sobapatadoboi.oeco.org.br\/wordpress\/wp-content\/uploads\/2026\/08\/Seleo-Oficial-10-Festival-Arquivo-em-Cartaz-2025-1536x1020.png 1536w, https:\/\/sobapatadoboi.oeco.org.br\/wordpress\/wp-content\/uploads\/2026\/08\/Seleo-Oficial-10-Festival-Arquivo-em-Cartaz-2025.png 1735w\" sizes=\"auto, (max-width: 1024px) 100vw, 1024px\" \/><\/figure>\n<\/div>\n\n\n\n<div class=\"wp-block-column is-layout-flow wp-block-column-is-layout-flow\"><\/div>\n<\/div>\n<\/div>\n\n\n\n<div class=\"wp-block-group alignfull has-global-padding is-layout-constrained wp-block-group-is-layout-constrained\" style=\"padding-top:var(--wp--preset--spacing--70);padding-bottom:var(--wp--preset--spacing--70)\">\n<h2 class=\"wp-block-heading has-text-align-center\" style=\"padding-top:32px;padding-bottom:0px\"><strong>Cr\u00e9ditos<\/strong><\/h2>\n\n\n\n<div class=\"wp-block-columns alignfull is-layout-flex wp-container-core-columns-is-layout-73058ee5 wp-block-columns-is-layout-flex\" style=\"padding-right:var(--wp--preset--spacing--30);padding-left:var(--wp--preset--spacing--30)\">\n<div class=\"wp-block-column is-layout-flow wp-block-column-is-layout-flow\" style=\"padding-right:var(--wp--preset--spacing--30);padding-left:var(--wp--preset--spacing--30)\">\n<p class=\"has-manrope-font-family has-medium-font-size wp-block-paragraph\"><strong>Dire\u00e7\u00e3o: <\/strong>Marcio Isensee e S\u00e1<br><strong>Argumento: <\/strong>Eduardo Pegurier<br>e Paulo Barreto<br><strong>Roteiro: <\/strong>Juliana Tinoco<br><strong>Fotografia: <\/strong>F\u00e1bio Nascimento<br><strong>C\u00e2meras:<\/strong> F\u00e1bio Nascimento<br>e Marcio Isensee e S\u00e1<br><strong>Montagem: <\/strong>Fred Rahal Mauro<br><strong>Montagem Adicional: <\/strong>Pedro Vilain<br><strong>Assistente de Montagem: <\/strong>Pedro Vilain<br><strong>Programa\u00e7\u00e3o Visual \/ Anima\u00e7\u00e3o: <\/strong>Julia Lima Carvalho<br><strong>Dire\u00e7\u00e3o de Produ\u00e7\u00e3o: <\/strong>Eduardo Pegurier e Paulo Andr\u00e9 Vieira<br><strong>Produ\u00e7\u00e3o Executiva: <\/strong>Bernardo Camara<br><strong>Ger\u00eancia Financeira: <\/strong>N\u00e1dia Santos<br><strong>Trilha Sonora \/ Produ\u00e7\u00e3o Musical:<\/strong><br>Ori Music Lab<br><strong>M\u00fasica Original: <\/strong>Ca\u00ea Rolfsen e Bruno Prado<br><strong>Desenho de Som:<\/strong> Fernando Ianni<br><strong>Mixagem Geral: <\/strong>Fernando Ianni<br><strong>Pesquisa:<\/strong> Bernardo Camara, Eduardo Pegurier, Juliana Tinoco e Ritaumaria Pereira<\/p>\n<\/div>\n\n\n\n<div class=\"wp-block-column is-layout-flow wp-block-column-is-layout-flow\" style=\"padding-right:var(--wp--preset--spacing--30);padding-left:var(--wp--preset--spacing--30)\">\n<p class=\"has-medium-font-size wp-block-paragraph\"><strong>Pesquisa de imagens: <\/strong>Camila Mouri<br><strong>Transcri\u00e7\u00e3o: <\/strong>Duda Menegassi<br><strong>Tradu\u00e7\u00e3o Ingl\u00eas: <\/strong>Glenn Johnston<br><strong>Tradu\u00e7\u00e3o Espanhol: <\/strong>Giovanny Vera<br><strong>Marca\u00e7\u00e3o de Legendas: <\/strong>ETC Filmes<br><strong>Equipe ((o))eco<\/strong>: Rafael Ferreira, <br>Daniele Bragan\u00e7a<br><strong>Atores churrascaria: <\/strong>Ot\u00e1vio Bontempo e Yve Zolli Nolasco<\/p>\n\n\n\n<p class=\"has-medium-font-size wp-block-paragraph\"><br><strong>Imagens de Arquivo<\/strong><br>Acervo Jean Manzon<br>CEDOC Globo<br>Greenpeace<br>TV C\u00e2mara<\/p>\n\n\n\n<p class=\"has-medium-font-size wp-block-paragraph\"><br><strong>P\u00f3s-Produ\u00e7\u00e3o: <\/strong>O2 P\u00f3s<br><strong>Diretor-Geral de P\u00f3s-Produ\u00e7\u00e3o: <\/strong>Paulo Barcellos<br><strong>Coordenador de P\u00f3s-Produ\u00e7\u00e3o:<\/strong><br>Alexandre Seara<br><strong>Colorista: <\/strong>F\u00e1bio Souza<br><strong>Supervisor de P\u00f3s-Produ\u00e7\u00e3o: <\/strong>Leonardo Puppin<br><strong>Diretora Comercial: <\/strong>Silvia Levy<br>Atendimento: Claudia Reis, Cris Nabte, Regiane Cruz<\/p>\n<\/div>\n\n\n\n<div class=\"wp-block-column is-layout-flow wp-block-column-is-layout-flow\" style=\"padding-right:var(--wp--preset--spacing--30);padding-left:var(--wp--preset--spacing--30)\">\n<p class=\"has-medium-font-size wp-block-paragraph\"><strong>Conform: <\/strong>Felipe Carpes, Ranieri Mattos, Marcio Fernandes<br><strong>Composi\u00e7\u00e3o: <\/strong>Rafael Rodrigues<br><strong>T.I.: <\/strong>Davison Serpa<br><strong>Assistente de Colorista Junior:<\/strong><br>Patrick Souza<\/p>\n\n\n\n<p class=\"has-medium-font-size wp-block-paragraph\"><br><strong>M\u00fasicas (por ordem de entrada)<\/strong><br>O Banquete (Ca\u00ea Rolfsen)<br>Sob a Pata do Boi (Ca\u00ea Rolfsen e Bruno Prado)<br>Martelo de Carne (Bruno Prado)<br>Z\u00e9 do Saco (Ca\u00ea Rolfsen)<br>Aboio Sinistro (Bruno Prado)<br>Lambada de Tab\u00f3ca (Ca\u00ea Rolfsen)<br>Slow Caboclo (Bruno Prado)<br>Boi de Lata (Bruno Prado e Ca\u00ea Rolfsen)<br>Pedal Tambor (Bruno Prado)<br>Boi de L\u00e1 (Bruno Prado)<br>Moda do Grilo (Bruno Prado)<br>Esperan\u00e7a (Ca\u00ea Rolfsen)<br>Lamento das \u00e1guas (Ca\u00ea Rolfsen)<\/p>\n\n\n\n<p class=\"has-medium-font-size wp-block-paragraph\"><br>Gravado e executado por Ca\u00ea Rolfsen e Bruno Prado no Est\u00fadio Ori Violinos, violino bar\u00edtono e rabecas por Ricardo Herz<\/p>\n\n\n\n<p class=\"has-medium-font-size wp-block-paragraph\"><br>Todas as m\u00fasicas foram editadas pela Editora Casa da \u00c1rvore<\/p>\n<\/div>\n\n\n\n<div class=\"wp-block-column is-layout-flow wp-block-column-is-layout-flow\" style=\"padding-right:var(--wp--preset--spacing--30);padding-left:var(--wp--preset--spacing--30)\">\n<p class=\"has-medium-font-size wp-block-paragraph\"><strong>Entrevistados por ordem de entrada<\/strong>:<\/p>\n\n\n\n<p class=\"has-medium-font-size wp-block-paragraph\"><br>Paulo Barreto<br>Daniel Azeredo<br>Marcio Nappo<br>Jo\u00e3o Bueno<br>Jo\u00e3o Rodrigues<br>Jos\u00e9 Aureliano dos Santos<br>Jos\u00e9 Augusto P\u00e1dua<br>Mauricio Fraga Filho<br>Paulo Adario<br>Agamenon Menezes<br>Carlo Iav\u00e9<br>Getulio Santos da Silva<br>Eduardo Todde<br>Elizmar Jeremias<br>Jordan Timo<br>Luciano Evaristo<br>Mauro L\u00facio Costa<br>Sandro Rangel<br>Diego Rodrigues<br>Adriana Ramos<br>Brunno Kuhn Neto<br>Francisco Milit\u00e3o<br>Ant\u00f4nio Vieira Caetano<br>Jos\u00e9 Sarney Filho<br>Ritaumaria Pereira<br>Gilson da Silva Costa<br>Isabella Vitali<br>Adriana Charoux<\/p>\n<\/div>\n<\/div>\n\n\n\n<figure class=\"wp-block-image alignfull size-large\"><img loading=\"lazy\" decoding=\"async\" width=\"1024\" height=\"187\" src=\"https:\/\/sobapatadoboi.oeco.org.br\/wordpress\/wp-content\/uploads\/2026\/09\/SPB-_-moldura-_01-1024x187.png\" alt=\"\" class=\"wp-image-85\" srcset=\"https:\/\/sobapatadoboi.oeco.org.br\/wordpress\/wp-content\/uploads\/2026\/09\/SPB-_-moldura-_01-1024x187.png 1024w, https:\/\/sobapatadoboi.oeco.org.br\/wordpress\/wp-content\/uploads\/2026\/09\/SPB-_-moldura-_01-300x55.png 300w, https:\/\/sobapatadoboi.oeco.org.br\/wordpress\/wp-content\/uploads\/2026\/09\/SPB-_-moldura-_01-768x140.png 768w, https:\/\/sobapatadoboi.oeco.org.br\/wordpress\/wp-content\/uploads\/2026\/09\/SPB-_-moldura-_01-1536x281.png 1536w, https:\/\/sobapatadoboi.oeco.org.br\/wordpress\/wp-content\/uploads\/2026\/09\/SPB-_-moldura-_01.png 1920w\" sizes=\"auto, (max-width: 1024px) 100vw, 1024px\" \/><\/figure>\n<\/div>\n\n\n\n<div class=\"wp-block-group alignfull has-background-color is-style-default has-white-color has-black-background-color has-text-color has-background has-link-color wp-elements-1 is-vertical is-content-justification-stretch is-layout-flex wp-container-core-group-is-layout-3a45f74a wp-block-group-is-layout-flex\" style=\"min-height:40vh;margin-top:0;margin-bottom:0;padding-top:var(--wp--preset--spacing--60);padding-right:var(--wp--preset--spacing--40);padding-bottom:var(--wp--preset--spacing--60);padding-left:var(--wp--preset--spacing--40)\">\n<div class=\"wp-block-columns alignwide has-small-font-size is-layout-flex wp-container-core-columns-is-layout-794e3cfa wp-block-columns-is-layout-flex\">\n<div class=\"wp-block-column is-layout-flow wp-block-column-is-layout-flow\">\n<div style=\"height:24px\" aria-hidden=\"true\" class=\"wp-block-spacer\"><\/div>\n<\/div>\n\n\n\n<div class=\"wp-block-column is-layout-flow wp-block-column-is-layout-flow\">\n<p class=\"has-text-align-center wp-block-paragraph\">Realiza\u00e7\u00e3o<\/p>\n\n\n\n<figure class=\"wp-block-image size-large wp-container-content-577e1c61\"><img loading=\"lazy\" decoding=\"async\" width=\"1024\" height=\"352\" src=\"https:\/\/sobapatadoboi.oeco.org.br\/wordpress\/wp-content\/uploads\/2026\/09\/oeco_logo_BRANCA-1-1024x352.png\" alt=\"\" class=\"wp-image-92\" style=\"object-fit:cover\" srcset=\"https:\/\/sobapatadoboi.oeco.org.br\/wordpress\/wp-content\/uploads\/2026\/09\/oeco_logo_BRANCA-1-1024x352.png 1024w, https:\/\/sobapatadoboi.oeco.org.br\/wordpress\/wp-content\/uploads\/2026\/09\/oeco_logo_BRANCA-1-300x103.png 300w, https:\/\/sobapatadoboi.oeco.org.br\/wordpress\/wp-content\/uploads\/2026\/09\/oeco_logo_BRANCA-1-768x264.png 768w, https:\/\/sobapatadoboi.oeco.org.br\/wordpress\/wp-content\/uploads\/2026\/09\/oeco_logo_BRANCA-1.png 1161w\" sizes=\"auto, (max-width: 1024px) 100vw, 1024px\" \/><\/figure>\n\n\n\n<figure class=\"wp-block-image size-large wp-container-content-577e1c61\"><img loading=\"lazy\" decoding=\"async\" width=\"1024\" height=\"312\" src=\"https:\/\/sobapatadoboi.oeco.org.br\/wordpress\/wp-content\/uploads\/2026\/09\/footer-logo-1024x312.png\" alt=\"\" class=\"wp-image-93\" style=\"object-fit:cover\" srcset=\"https:\/\/sobapatadoboi.oeco.org.br\/wordpress\/wp-content\/uploads\/2026\/09\/footer-logo-1024x312.png 1024w, https:\/\/sobapatadoboi.oeco.org.br\/wordpress\/wp-content\/uploads\/2026\/09\/footer-logo-300x91.png 300w, https:\/\/sobapatadoboi.oeco.org.br\/wordpress\/wp-content\/uploads\/2026\/09\/footer-logo-765x233.png 765w, https:\/\/sobapatadoboi.oeco.org.br\/wordpress\/wp-content\/uploads\/2026\/09\/footer-logo.png 1087w\" sizes=\"auto, (max-width: 1024px) 100vw, 1024px\" \/><\/figure>\n\n\n\n<div style=\"height:24px\" aria-hidden=\"true\" class=\"wp-block-spacer\"><\/div>\n<\/div>\n\n\n\n<div class=\"wp-block-column is-layout-flow wp-block-column-is-layout-flow\">\n<p class=\"has-text-align-center wp-block-paragraph\">Siga<\/p>\n\n\n\n<div class=\"wp-block-group is-vertical is-content-justification-center is-layout-flex wp-container-core-group-is-layout-43f17f2c wp-block-group-is-layout-flex\">\n<p class=\"wp-block-paragraph\"><a href=\"#\">Facebook<\/a><\/p>\n\n\n\n<p class=\"wp-block-paragraph\"><a href=\"#\">Instagram<\/a><\/p>\n\n\n\n<p class=\"wp-block-paragraph\"><a href=\"#\">Twitter<\/a><\/p>\n<\/div>\n\n\n\n<div style=\"height:24px\" aria-hidden=\"true\" class=\"wp-block-spacer\"><\/div>\n<\/div>\n\n\n\n<div class=\"wp-block-column is-layout-flow wp-block-column-is-layout-flow\"><\/div>\n<\/div>\n<\/div>\n\n\n\n<p class=\"wp-block-paragraph\"><\/p>\n","protected":false},"excerpt":{"rendered":"<p>O document\u00e1rio Sob a Pata do Boi revela como opera a cadeia da pecu\u00e1ria na Amaz\u00f4nia, principal vetor de desmatamento da maior floresta tropical do mundo. O document\u00e1rio Sob a Pata do Boi (2018) \u00e9 fruto de dois anos de investiga\u00e7\u00e3o jornal\u00edstica em campo, com mais de cinquenta horas de entrevistas gravadas em cinco estados [&hellip;]<\/p>\n","protected":false},"author":2,"featured_media":0,"parent":0,"menu_order":0,"comment_status":"closed","ping_status":"closed","template":"","meta":{"footnotes":""},"class_list":["post-12","page","type-page","status-publish","hentry"],"_links":{"self":[{"href":"https:\/\/sobapatadoboi.oeco.org.br\/index.php?rest_route=\/wp\/v2\/pages\/12","targetHints":{"allow":["GET"]}}],"collection":[{"href":"https:\/\/sobapatadoboi.oeco.org.br\/index.php?rest_route=\/wp\/v2\/pages"}],"about":[{"href":"https:\/\/sobapatadoboi.oeco.org.br\/index.php?rest_route=\/wp\/v2\/types\/page"}],"author":[{"embeddable":true,"href":"https:\/\/sobapatadoboi.oeco.org.br\/index.php?rest_route=\/wp\/v2\/users\/2"}],"replies":[{"embeddable":true,"href":"https:\/\/sobapatadoboi.oeco.org.br\/index.php?rest_route=%2Fwp%2Fv2%2Fcomments&post=12"}],"version-history":[{"count":29,"href":"https:\/\/sobapatadoboi.oeco.org.br\/index.php?rest_route=\/wp\/v2\/pages\/12\/revisions"}],"predecessor-version":[{"id":96,"href":"https:\/\/sobapatadoboi.oeco.org.br\/index.php?rest_route=\/wp\/v2\/pages\/12\/revisions\/96"}],"wp:attachment":[{"href":"https:\/\/sobapatadoboi.oeco.org.br\/index.php?rest_route=%2Fwp%2Fv2%2Fmedia&parent=12"}],"curies":[{"name":"wp","href":"https:\/\/api.w.org\/{rel}","templated":true}]}}